{"id":107,"date":"2014-10-22T15:13:20","date_gmt":"2014-10-22T19:13:20","guid":{"rendered":"https:\/\/cordessuzuki.com\/?page_id=107"},"modified":"2018-09-03T15:50:36","modified_gmt":"2018-09-03T19:50:36","slug":"concerts-upcoming-events","status":"publish","type":"page","link":"https:\/\/cordessuzuki.com\/?page_id=107","title":{"rendered":"Concerts et \u00e9v\u00e9nements automne 2018"},"content":{"rendered":"<ul>\n<li>Le samedi 8 septembre de 10h \u00e0 12h, journ\u00e9e Portes Ouvertes au Centre d\u2019art de Pr\u00e9ville (l\u2019\u00e9cole international de Saint-Lambert, 675 rue Green, St-Lambert).\u00a0 C\u2019est aussi les d\u00e9buts des cours de groupe, alors \u00ab\u00a0Play-In\u00a0\u00bb pour tous les niveaux \u00e0 9h00 pour les violons et 12h00 pour les violoncelles.<\/li>\n<li>Le dimanche 23 septembre est la sortie familiale au verger! Activit\u00e9s\u00a0: Pique-nique vers 12h30, mini-concert vers 14h, et bien s\u00fbr la cueillette de pommes!\u00a0Verger du flanc nord, 835\u00a0chemin Rouillard (via chemin Authier), Mont-Saint-Hilaire (Qu\u00e9bec), J3G 4S6.<\/li>\n<li>\u00a0Le samedi 29 septembre, il y aura un concert solo pour les violonistes \u00e0 16h au Centre d\u2019art de Pr\u00e9ville (l\u2019\u00e9cole international de Saint-Lambert, 675 rue Green, St-Lambert).\u00a0 Il y aura aussi des solos pendant le cours de groupe des d\u00e9butants.\u00a0<strong><em>Veuillez nous informer si vous aimeriez jouer un solo.<\/em><\/strong><\/li>\n<li>Le samedi 13 octobre \u00e0 18h30 au Castel, 45, Horsfall, Saint-Lambert. Les \u00e9l\u00e8ves en violoncelle de Kirsten se produit en solo et\/ou duo. <strong><em>Tous les violoncellistes joueront<\/em><\/strong><strong><em> un solo.<\/em><\/strong><\/li>\n<li>Le samedi 27 octobre \u00e0 13h00\u00a0au Centre d\u2019art de Pr\u00e9ville: F\u00eate d\u2019Halloween pour tous les \u00e9l\u00e8ves\u00a0: Un concert diabolique (avec d\u00e9guisement d\u2019Halloween comme tenue de rigueur) et collation (veuillez apporter une collation \u00e0 partager ou de jus). L\u2019orchestre Mouillepied r\u00e9p\u00e8te \u00e0 12h et l\u2019orchestre de Saint-Lambert \u00e0 12h30 dans la salle F109. Tous les autres \u00e9l\u00e8ves accordent dans B103 \u00e0 12h30.<strong><em> Il n\u2019y aura pas de cours de groupe aux heures r\u00e9guli\u00e8res. Tous les \u00e9l\u00e8ves joueront \u00e0 13h00.<\/em><\/strong><\/li>\n<li>Le 9-10-11 novembre \u00e0 l\u2019Universit\u00e9 de Laval, Atelier Suzuki pour tous les niveaux. <a href=\"http:\/\/www.jeuxdarchetssuzuki.com\/atelier-suzuki-novembre-2018\/\">Inscriptions<\/a> fait par les parents des \u00e9l\u00e8ves qui aimerait participer. Il y aura des cours de groupes comme d\u2019habitude pour les violons, mais il n\u2019y aura pas de cours pour les violoncelles \u00e0 Montr\u00e9al.<\/li>\n<li>Le samedi 8 d\u00e9cembre\u00a0: le concert d\u2019orchestre est vers 13h pendant le spectacle Portes Ouvertes au Centre d\u2019art de Pr\u00e9ville.<\/li>\n<li>Le samedi 8 d\u00e9cembre\u00a0: la r\u00e9p\u00e9tition g\u00e9n\u00e9rale pour tous les \u00e9l\u00e8ves aura lieu de 14h \u00e0 15h30. <em>Il n\u2019y aura pas de cours de groupe aux heures r\u00e9guli\u00e8res.<\/em><\/li>\n<li>Le samedi 8 d\u00e9cembre, il y aura des concerts solos pour les violonistes \u00e0 10h et \u00e0 16h au Centre d\u2019art de Pr\u00e9ville (l\u2019\u00e9cole international de Saint-Lambert, 675 rue Green, St-Lambert).\u00a0<strong><em>Veuillez nous informer si vous aimeriez jouer un solo.<\/em><\/strong><\/li>\n<li>Le dimanche 9 d\u00e9cembre \u00e0 14h00 &#8211; Concert de No\u00ebl avec Studio Cordes Suzuki. Un concert avec tous les \u00e9l\u00e8ves \u00e0 <a href=\"http:\/\/www.mountbrunounitedchurch.org\/about\/\">Mount Bruno United Church<\/a>, 25 Lakeview, St-Bruno. Veuillez apporter une collation pour apr\u00e8s.<\/li>\n<li>Le samedi 15 d\u00e9cembre \u00e0 18h30 au Castel, 45, Horsfall, Saint-Lambert. Les \u00e9l\u00e8ves en violoncelle de Kirsten se produit en solo et\/ou duo. <strong><em>Tous les violoncellistes joueront<\/em><\/strong><strong><em> un solo.<\/em><\/strong><\/li>\n<\/ul>\n<p>&nbsp;<\/p>\n","protected":false},"excerpt":{"rendered":"<p>Le samedi 8 septembre de 10h \u00e0 12h, journ\u00e9e Portes Ouvertes au Centre d\u2019art de Pr\u00e9ville (l\u2019\u00e9cole international de Saint-Lambert, 675 rue Green, St-Lambert).\u00a0 C\u2019est aussi les d\u00e9buts des cours de groupe, alors \u00ab\u00a0Play-In\u00a0\u00bb pour tous les niveaux \u00e0 9h00 pour les violons et 12h00 pour les violoncelles. Le dimanche 23 septembre est la sortie &hellip; <\/p>\n<p class=\"link-more\"><a href=\"https:\/\/cordessuzuki.com\/?page_id=107\" class=\"more-link\">Continue reading<span class=\"screen-reader-text\"> &#8220;Concerts et \u00e9v\u00e9nements automne 2018&#8221;<\/span><\/a><\/p>\n","protected":false},"author":1,"featured_media":288,"parent":0,"menu_order":7,"comment_status":"open","ping_status":"open","template":"","meta":{"_coblocks_attr":"","_coblocks_dimensions":"","_coblocks_responsive_height":"","_coblocks_accordion_ie_support":"","footnotes":""},"class_list":["post-107","page","type-page","status-publish","has-post-thumbnail","hentry"],"_links":{"self":[{"href":"https:\/\/cordessuzuki.com\/index.php?rest_route=\/wp\/v2\/pages\/107","targetHints":{"allow":["GET"]}}],"collection":[{"href":"https:\/\/cordessuzuki.com\/index.php?rest_route=\/wp\/v2\/pages"}],"about":[{"href":"https:\/\/cordessuzuki.com\/index.php?rest_route=\/wp\/v2\/types\/page"}],"author":[{"embeddable":true,"href":"https:\/\/cordessuzuki.com\/index.php?rest_route=\/wp\/v2\/users\/1"}],"replies":[{"embeddable":true,"href":"https:\/\/cordessuzuki.com\/index.php?rest_route=%2Fwp%2Fv2%2Fcomments&post=107"}],"version-history":[{"count":20,"href":"https:\/\/cordessuzuki.com\/index.php?rest_route=\/wp\/v2\/pages\/107\/revisions"}],"predecessor-version":[{"id":389,"href":"https:\/\/cordessuzuki.com\/index.php?rest_route=\/wp\/v2\/pages\/107\/revisions\/389"}],"wp:featuredmedia":[{"embeddable":true,"href":"https:\/\/cordessuzuki.com\/index.php?rest_route=\/wp\/v2\/media\/288"}],"wp:attachment":[{"href":"https:\/\/cordessuzuki.com\/index.php?rest_route=%2Fwp%2Fv2%2Fmedia&parent=107"}],"curies":[{"name":"wp","href":"https:\/\/api.w.org\/{rel}","templated":true}]}}